{"id":383,"date":"2021-06-05T12:24:54","date_gmt":"2021-06-05T12:24:54","guid":{"rendered":"https:\/\/grupohada.org\/?page_id=383"},"modified":"2021-07-12T19:30:46","modified_gmt":"2021-07-12T19:30:46","slug":"madrid","status":"publish","type":"page","link":"https:\/\/grupohada.org\/?page_id=383","title":{"rendered":"MADRID"},"content":{"rendered":"<p>[et_pb_section fb_built=\u00bb1&#8243; fullwidth=\u00bbon\u00bb admin_label=\u00bbHero\u00bb _builder_version=\u00bb3.22&#8243; background_image=\u00bbhttps:\/\/grupohada.org\/wp-content\/uploads\/2021\/06\/hdgdgh.jpg\u00bb parallax=\u00bbon\u00bb top_divider_style=\u00bbclouds2&#8243; top_divider_color=\u00bbrgba(255,255,255,0.3)\u00bb top_divider_height=\u00bb100%\u00bb bottom_divider_height=\u00bb30px\u00bb][et_pb_fullwidth_header title=\u00bbNUESTRAS\u00bb subhead=\u00bbDELEGACIONES\u00bb text_orientation=\u00bbcenter\u00bb header_scroll_down=\u00bbon\u00bb scroll_down_icon=\u00bb%%2%%\u00bb _builder_version=\u00bb4.9.3&#8243; title_level=\u00bbh2&#8243; title_font=\u00bbRubik|700||on|||||\u00bb title_text_color=\u00bb#000000&#8243; title_font_size=\u00bb16px\u00bb title_letter_spacing=\u00bb5px\u00bb title_line_height=\u00bb2em\u00bb content_font=\u00bbRubik||||||||\u00bb content_font_size=\u00bb18px\u00bb content_line_height=\u00bb2em\u00bb subhead_font=\u00bbRubik|700|||||||\u00bb subhead_text_color=\u00bbrgba(0,0,0,0.8)\u00bb subhead_font_size=\u00bb50px\u00bb subhead_line_height=\u00bb1.4em\u00bb background_color=\u00bbrgba(255,255,255,0)\u00bb use_background_color_gradient=\u00bbon\u00bb background_color_gradient_start=\u00bbrgba(255,255,255,0.7)\u00bb background_color_gradient_end=\u00bb#ffffff\u00bb background_size=\u00bbcontain\u00bb background_position=\u00bbbottom_center\u00bb custom_button_one=\u00bbon\u00bb button_one_text_size=\u00bb16px\u00bb button_one_text_color=\u00bb#ffffff\u00bb button_one_bg_color=\u00bb#9B8EB8&#8243; button_one_border_width=\u00bb15px\u00bb button_one_border_color=\u00bbrgba(210,159,104,0)\u00bb button_one_border_radius=\u00bb100px\u00bb button_one_letter_spacing=\u00bb0px\u00bb button_one_font=\u00bb|700|||||||\u00bb button_one_use_icon=\u00bboff\u00bb custom_button_two=\u00bbon\u00bb button_two_text_size=\u00bb16px\u00bb button_two_text_color=\u00bb#ffffff\u00bb button_two_bg_color=\u00bbrgba(0,0,0,0.6)\u00bb button_two_border_width=\u00bb15px\u00bb button_two_border_color=\u00bbrgba(210,159,104,0)\u00bb button_two_border_radius=\u00bb100px\u00bb button_two_letter_spacing=\u00bb0px\u00bb button_two_font=\u00bbRubik|700|||||||\u00bb button_two_use_icon=\u00bboff\u00bb background_layout=\u00bblight\u00bb custom_margin=\u00bb|||\u00bb custom_padding=\u00bb8vw||4vw|\u00bb animation_style=\u00bbslide\u00bb animation_direction=\u00bbbottom\u00bb animation_intensity_slide=\u00bb1%\u00bb subhead_font_size_tablet=\u00bb\u00bb subhead_font_size_phone=\u00bb30px\u00bb subhead_font_size_last_edited=\u00bbon|phone\u00bb title_text_shadow_style=\u00bbpreset1&#8243; box_shadow_style_button_one=\u00bbpreset3&#8243; button_one_border_radius_hover=\u00bb100px\u00bb button_two_border_radius_hover=\u00bb100px\u00bb button_one_bg_color_hover=\u00bb#ff8a70&#8243; button_two_bg_color_hover=\u00bb#ff8a70&#8243; button_one_text_size__hover_enabled=\u00bboff\u00bb button_two_text_size__hover_enabled=\u00bboff\u00bb button_one_text_color__hover_enabled=\u00bboff\u00bb button_two_text_color__hover_enabled=\u00bboff\u00bb button_one_border_width__hover_enabled=\u00bboff\u00bb button_two_border_width__hover_enabled=\u00bboff\u00bb button_one_border_color__hover_enabled=\u00bboff\u00bb button_two_border_color__hover_enabled=\u00bboff\u00bb button_one_border_radius__hover_enabled=\u00bbon\u00bb button_one_border_radius__hover=\u00bb100px\u00bb button_two_border_radius__hover_enabled=\u00bbon\u00bb button_two_border_radius__hover=\u00bb100px\u00bb button_one_letter_spacing__hover_enabled=\u00bboff\u00bb button_two_letter_spacing__hover_enabled=\u00bboff\u00bb button_one_bg_color__hover_enabled=\u00bbon|hover\u00bb button_one_bg_color__hover=\u00bb#000000&#8243; button_two_bg_color__hover_enabled=\u00bbon\u00bb button_two_bg_color__hover=\u00bb#ff8a70&#8243; button_one_bg_enable_color__hover=\u00bbon\u00bb][\/et_pb_fullwidth_header][\/et_pb_section][et_pb_section fb_built=\u00bb1&#8243; admin_label=\u00bbFeature\u00bb _builder_version=\u00bb3.22&#8243; background_image=\u00bbhttps:\/\/grupohada.org\/wp-content\/uploads\/2021\/06\/dsfg-e1527818255220.jpg\u00bb parallax=\u00bbon\u00bb custom_padding=\u00bb0|0px|0|0px|false|false\u00bb global_module=\u00bb404&#8243; saved_tabs=\u00bball\u00bb][et_pb_row column_structure=\u00bb1_2,1_2&#8243; use_custom_gutter=\u00bbon\u00bb gutter_width=\u00bb1&#8243; padding_top_bottom_link_1=\u00bbtrue\u00bb padding_top_bottom_link_2=\u00bbtrue\u00bb admin_label=\u00bbFila\u00bb module_class=\u00bb et_pb_row_fullwidth\u00bb _builder_version=\u00bb4.9.3&#8243; width=\u00bb100%\u00bb width_tablet=\u00bb100%\u00bb width_phone=\u00bb\u00bb width_last_edited=\u00bbon|desktop\u00bb max_width=\u00bb100%\u00bb max_width_tablet=\u00bb100%\u00bb max_width_phone=\u00bb\u00bb max_width_last_edited=\u00bbon|desktop\u00bb custom_padding=\u00bb0px||0px|\u00bb make_fullwidth=\u00bbon\u00bb][et_pb_column type=\u00bb1_2&#8243; _builder_version=\u00bb4.9.3&#8243; background_color=\u00bb#9B8EB8&#8243; use_background_color_gradient=\u00bbon\u00bb background_color_gradient_start=\u00bb#9b8eb8&#8243; background_color_gradient_end=\u00bb#ffffff\u00bb custom_padding=\u00bb120px|80px|120px|10%\u00bb custom_padding_tablet=\u00bb|10%||10%||true\u00bb custom_padding_phone=\u00bb\u00bb custom_padding_last_edited=\u00bbon|tablet\u00bb custom_padding__hover=\u00bb|||\u00bb][et_pb_divider show_divider=\u00bboff\u00bb _builder_version=\u00bb4.9.3&#8243; _module_preset=\u00bbdefault\u00bb custom_margin=\u00bb||119px|||\u00bb][\/et_pb_divider][et_pb_cta title=\u00bbMADRID\u00bb button_url=\u00bb#top\u00bb _builder_version=\u00bb4.9.3&#8243; header_font=\u00bbArial|700||on|||||\u00bb header_text_align=\u00bbcenter\u00bb header_font_size=\u00bb44px\u00bb header_letter_spacing=\u00bb6px\u00bb header_line_height=\u00bb1.5em\u00bb body_font=\u00bbRubik|500|||||||\u00bb body_line_height=\u00bb2em\u00bb use_background_color=\u00bboff\u00bb custom_button=\u00bbon\u00bb button_text_size=\u00bb16px\u00bb button_text_color=\u00bb#ffffff\u00bb button_bg_color=\u00bbrgba(255,255,255,0.1)\u00bb button_border_width=\u00bb10px\u00bb button_border_color=\u00bbrgba(65,65,144,0)\u00bb button_border_radius=\u00bb70px\u00bb button_font=\u00bbRubik|700|||||||\u00bb button_use_icon=\u00bboff\u00bb text_orientation=\u00bbleft\u00bb max_width=\u00bb600px\u00bb max_width_last_edited=\u00bboff|desktop\u00bb module_alignment=\u00bbleft\u00bb custom_margin=\u00bb|||\u00bb custom_padding=\u00bb|||\u00bb header_font_size_tablet=\u00bb\u00bb header_font_size_phone=\u00bb30px\u00bb header_font_size_last_edited=\u00bbon|phone\u00bb button_text_color_hover=\u00bb#e00b00&#8243; button_border_radius_hover=\u00bb70px\u00bb button_bg_color_hover=\u00bb#ffffff\u00bb locked=\u00bboff\u00bb button_text_size__hover_enabled=\u00bboff\u00bb button_one_text_size__hover_enabled=\u00bboff\u00bb button_two_text_size__hover_enabled=\u00bboff\u00bb button_text_color__hover_enabled=\u00bbon\u00bb button_text_color__hover=\u00bb#e00b00&#8243; button_one_text_color__hover_enabled=\u00bboff\u00bb button_two_text_color__hover_enabled=\u00bboff\u00bb button_border_width__hover_enabled=\u00bboff\u00bb button_one_border_width__hover_enabled=\u00bboff\u00bb button_two_border_width__hover_enabled=\u00bboff\u00bb button_border_color__hover_enabled=\u00bboff\u00bb button_one_border_color__hover_enabled=\u00bboff\u00bb button_two_border_color__hover_enabled=\u00bboff\u00bb button_border_radius__hover_enabled=\u00bbon\u00bb button_border_radius__hover=\u00bb70px\u00bb button_one_border_radius__hover_enabled=\u00bboff\u00bb button_two_border_radius__hover_enabled=\u00bboff\u00bb button_letter_spacing__hover_enabled=\u00bboff\u00bb button_one_letter_spacing__hover_enabled=\u00bboff\u00bb button_two_letter_spacing__hover_enabled=\u00bboff\u00bb button_bg_color__hover_enabled=\u00bbon\u00bb button_bg_color__hover=\u00bb#ffffff\u00bb button_one_bg_color__hover_enabled=\u00bboff\u00bb button_two_bg_color__hover_enabled=\u00bboff\u00bb][\/et_pb_cta][et_pb_text module_id=\u00bbmy-id\u00bb _builder_version=\u00bb4.9.3&#8243; _module_preset=\u00bbdefault\u00bb][\/et_pb_text][\/et_pb_column][et_pb_column type=\u00bb1_2&#8243; _builder_version=\u00bb3.25&#8243; custom_padding=\u00bb120px|10%|120px|80px\u00bb custom_padding_tablet=\u00bb|10%||10%||true\u00bb custom_padding_phone=\u00bb\u00bb custom_padding_last_edited=\u00bbon|tablet\u00bb custom_padding__hover=\u00bb|||\u00bb][et_pb_divider color=\u00bbrgba(0,0,0,0)\u00bb _builder_version=\u00bb3.5&#8243; height=\u00bb200px\u00bb locked=\u00bboff\u00bb][\/et_pb_divider][\/et_pb_column][\/et_pb_row][\/et_pb_section][et_pb_section fb_built=\u00bb1&#8243; admin_label=\u00bbAdmissions\u00bb _builder_version=\u00bb4.9.3&#8243; use_background_color_gradient=\u00bbon\u00bb background_color_gradient_start=\u00bb#ffffff\u00bb background_color_gradient_end=\u00bb#e3e3e8&#8243; background_image=\u00bbhttps:\/\/grupohada.org\/wp-content\/uploads\/2021\/05\/wedding_engagement_37-3.png\u00bb parallax=\u00bbon\u00bb custom_padding=\u00bb|||\u00bb][et_pb_row column_structure=\u00bb1_2,1_2&#8243; _builder_version=\u00bb3.25&#8243;][et_pb_column type=\u00bb1_2&#8243; _builder_version=\u00bb3.25&#8243; custom_padding=\u00bb|||\u00bb custom_padding__hover=\u00bb|||\u00bb][et_pb_text _builder_version=\u00bb4.9.3&#8243; text_font=\u00bbArial|500|||||||\u00bb text_font_size=\u00bb16px\u00bb text_line_height=\u00bb2em\u00bb header_font=\u00bbArial||||||||\u00bb header_text_color=\u00bb#9B8EB8&#8243; header_2_font=\u00bbRubik|700|||||||\u00bb header_2_font_size=\u00bb40px\u00bb header_2_line_height=\u00bb1.4em\u00bb header_5_font=\u00bbArial|700||on|||||\u00bb header_5_text_color=\u00bb#9B8EB8&#8243; header_5_letter_spacing=\u00bb5px\u00bb header_5_line_height=\u00bb1.5em\u00bb max_width=\u00bb700px\u00bb module_alignment=\u00bbcenter\u00bb custom_margin=\u00bb|||\u00bb custom_margin_tablet=\u00bb0px|||\u00bb custom_margin_last_edited=\u00bboff|desktop\u00bb text_line_height_last_edited=\u00bboff|desktop\u00bb header_2_font_size_tablet=\u00bb\u00bb header_2_font_size_phone=\u00bb30px\u00bb header_2_font_size_last_edited=\u00bbon|phone\u00bb locked=\u00bboff\u00bb]<\/p>\n<h5>PROGRAMA UTIL<\/h5>\n<p>&nbsp;<\/p>\n<h2>DESCRIPCI\u00d3N<\/h2>\n<p>En enero de 2017 comenzamos a desarrollar en<span>\u00a0<\/span><strong>Fundaci\u00f3n Grupo Hada<\/strong><span>\u00a0<\/span>las Unidades de transici\u00f3n para la integraci\u00f3n laboral.<span>\u00a0<\/span><strong>Actividad cofinanciada por la Comunidad de Madrid y el Fondo Social Europeo<\/strong>. El programa consiste en desarrollar itinerarios personalizados de inserci\u00f3n con el objetivo principal de mejorar la empleabilidad de las personas participantes.<\/p>\n<p>Las personas destinatarias de las Unidades de Transici\u00f3n son las que se encuentran en situaci\u00f3n de riesgo o de exclusi\u00f3n social.<\/p>\n<p>En el desarrollo de los itinerarios realizamos actuaciones tanto individuales (sesiones entre una y dos horas) como grupales.<\/p>\n<ul>\n<li><span style=\"color: #9b8eb8;\"><strong>Formaci\u00f3n Training Skills (desarrollo de habilidades y competencias laborales).<\/strong><\/span><span style=\"color: #9b8eb8;\"><strong><\/strong><\/span><\/li>\n<li><span style=\"color: #9b8eb8;\"><strong>Taller de alfabetizaci\u00f3n digital.<\/strong><\/span><span style=\"color: #9b8eb8;\"><strong><\/strong><\/span><\/li>\n<li><span style=\"color: #9b8eb8;\"><strong>Formaci\u00f3n y capacitaci\u00f3n para el empleo.<\/strong><\/span><\/li>\n<\/ul>\n<p><span>Las\u00a0<\/span><strong>Unidades de Transici\u00f3n<\/strong><span>\u00a0incluyen actuaciones de informaci\u00f3n y conocimiento del entorno productivo, as\u00ed como de Intermediaci\u00f3n Laboral, tratando de insertar en un entorno laboral normalizado a los participantes del programa mediante acompa\u00f1amiento personalizado e individualizado, realizado por personal t\u00e9cnico.<\/span><span style=\"color: #9b8eb8;\"><strong><\/strong><\/span><\/p>\n<p><span style=\"color: #9b8eb8;\"><strong><\/strong><\/span><\/p>\n<p><span style=\"color: #9b8eb8;\"><strong><\/strong><\/span><\/p>\n<p>[\/et_pb_text][et_pb_blurb title=\u00bbPARA M\u00c1S INFORMACI\u00d3N\u00bb use_icon=\u00bbon\u00bb font_icon=\u00bb%%238%%\u00bb icon_color=\u00bb#9B8EB8&#8243; use_circle=\u00bbon\u00bb circle_color=\u00bb#ffffff\u00bb use_circle_border=\u00bbon\u00bb circle_border_color=\u00bb#ffffff\u00bb icon_placement=\u00bbleft\u00bb use_icon_font_size=\u00bbon\u00bb icon_font_size=\u00bb24px\u00bb _builder_version=\u00bb4.9.3&#8243; header_font=\u00bbArial|700||on|||||\u00bb header_font_size=\u00bb12px\u00bb header_letter_spacing=\u00bb3px\u00bb header_line_height=\u00bb1.2em\u00bb body_font=\u00bbRubik||||||||\u00bb body_text_color=\u00bb#ff7355&#8243; custom_padding=\u00bb||0px|||\u00bb animation=\u00bboff\u00bb]<\/p>\n<p>&nbsp;<\/p>\n<p><span style=\"color: #9b8eb8;\">Lugar de realizaci\u00f3n y contacto:<\/span><\/p>\n<p><span style=\"color: rgba(0, 0, 0, 0.6);\">C\/ Arboleda, 14. Edificio Renta 92.<br \/><\/span><\/p>\n<p><span style=\"color: rgba(0, 0, 0, 0.6);\">Despacho 121 &#8211; D5 (1\u00aa planta)<br \/><\/span><\/p>\n<p><span style=\"color: rgba(0, 0, 0, 0.6);\">28031 Madrid<\/span><\/p>\n<p><span style=\"color: rgba(0, 0, 0, 0.6);\">910 55 86 54<\/span><\/p>\n<p><span style=\"color: rgba(0, 0, 0, 0.6);\">695 212 558<\/span><\/p>\n<p><a href=\"mailto:empleo@grupohada.org\">empleo@grupohada.org<\/a><\/p>\n<p>[\/et_pb_blurb][\/et_pb_column][et_pb_column type=\u00bb1_2&#8243; _builder_version=\u00bb3.25&#8243; custom_padding=\u00bb|||\u00bb custom_padding__hover=\u00bb|||\u00bb][et_pb_divider show_divider=\u00bboff\u00bb _builder_version=\u00bb4.9.3&#8243; _module_preset=\u00bbdefault\u00bb][\/et_pb_divider][et_pb_gallery gallery_ids=\u00bb607,602,596,614,582,577&#8243; show_title_and_caption=\u00bboff\u00bb _builder_version=\u00bb4.9.3&#8243; _module_preset=\u00bbdefault\u00bb min_height=\u00bb443.5px\u00bb custom_margin=\u00bb9px|-375px||-33px||\u00bb custom_padding=\u00bb|7px||||\u00bb][\/et_pb_gallery][\/et_pb_column][\/et_pb_row][\/et_pb_section][et_pb_section fb_built=\u00bb1&#8243; admin_label=\u00bbPrograms\u00bb _builder_version=\u00bb3.22&#8243; background_size=\u00bbinitial\u00bb custom_padding=\u00bb54px|0px|54px|0px|true|false\u00bb][et_pb_row column_structure=\u00bb1_2,1_2&#8243; _builder_version=\u00bb3.25&#8243;][et_pb_column type=\u00bb1_2&#8243; _builder_version=\u00bb3.25&#8243; custom_padding=\u00bb|||\u00bb custom_padding__hover=\u00bb|||\u00bb][et_pb_text _builder_version=\u00bb4.9.3&#8243; text_font=\u00bbArial|500|||||||\u00bb text_font_size=\u00bb16px\u00bb text_line_height=\u00bb2em\u00bb header_font=\u00bbArial||||||||\u00bb header_text_color=\u00bb#9B8EB8&#8243; header_2_font=\u00bbRubik|700|||||||\u00bb header_2_font_size=\u00bb40px\u00bb header_2_line_height=\u00bb1.4em\u00bb header_5_font=\u00bbArial|700||on|||||\u00bb header_5_text_color=\u00bb#9B8EB8&#8243; header_5_letter_spacing=\u00bb5px\u00bb header_5_line_height=\u00bb1.5em\u00bb max_width=\u00bb700px\u00bb module_alignment=\u00bbcenter\u00bb custom_margin=\u00bb|||\u00bb custom_margin_tablet=\u00bb0px|||\u00bb custom_margin_last_edited=\u00bboff|desktop\u00bb custom_padding=\u00bb|||0px||\u00bb text_line_height_last_edited=\u00bboff|desktop\u00bb header_2_font_size_tablet=\u00bb\u00bb header_2_font_size_phone=\u00bb30px\u00bb header_2_font_size_last_edited=\u00bbon|phone\u00bb locked=\u00bboff\u00bb]<\/p>\n<h5>PROGRAMAS SINGULARES UTIL IM JOVA<\/h5>\n<p>&nbsp;<\/p>\n<h2>DESCRIPCI\u00d3N<\/h2>\n<p><span>Programas realizados desde septiembre de 2017 a septiembre de 2020, con la colaboraci\u00f3n de Obra Social \u201cLa Caixa\u201d, promoviendo la atenci\u00f3n de personas desempleadas con diversidad funcional y\/o en riesgo de exclusi\u00f3n social, con el objetivo de mejorar su empleabilidad y facilitar su incorporaci\u00f3n al mercado laboral.<\/span><\/p>\n<ul><\/ul>\n<p>[\/et_pb_text][et_pb_blurb title=\u00bbPARA M\u00c1S INFORMACI\u00d3N\u00bb use_icon=\u00bbon\u00bb font_icon=\u00bb%%238%%\u00bb icon_color=\u00bb#9B8EB8&#8243; use_circle=\u00bbon\u00bb circle_color=\u00bb#ffffff\u00bb use_circle_border=\u00bbon\u00bb circle_border_color=\u00bb#ffffff\u00bb icon_placement=\u00bbleft\u00bb use_icon_font_size=\u00bbon\u00bb icon_font_size=\u00bb24px\u00bb _builder_version=\u00bb4.9.3&#8243; header_font=\u00bbArial|700||on|||||\u00bb header_font_size=\u00bb12px\u00bb header_letter_spacing=\u00bb3px\u00bb header_line_height=\u00bb1.2em\u00bb body_font=\u00bbRubik||||||||\u00bb body_text_color=\u00bb#ff7355&#8243; custom_padding=\u00bb||13px|||\u00bb animation=\u00bboff\u00bb]<\/p>\n<p><span style=\"color: #9b8eb8;\">Lugar de realizaci\u00f3n y contacto:<\/span><\/p>\n<p><span style=\"color: rgba(0, 0, 0, 0.39);\">C\/ Arboleda, 14. Edificio Renta, 92.<\/span><\/p>\n<p><span style=\"color: rgba(0, 0, 0, 0.39);\">Despacho 121 &#8211; D5 (1\u00aa planta)<\/span><\/p>\n<p><span style=\"color: rgba(0, 0, 0, 0.39);\">28031 Madrid<\/span><\/p>\n<p><span style=\"color: rgba(0, 0, 0, 0.39);\">910 55 86 54<\/span><\/p>\n<p><span style=\"color: rgba(0, 0, 0, 0.39);\">\u00a0695 212 558<\/span><\/p>\n<p><a href=\"mailto:empleo@grupohada.org\">empleo@grupohada.org<\/a><\/p>\n<p>[\/et_pb_blurb][\/et_pb_column][et_pb_column type=\u00bb1_2&#8243; _builder_version=\u00bb3.25&#8243; custom_padding=\u00bb|||\u00bb custom_padding__hover=\u00bb|||\u00bb][et_pb_text _builder_version=\u00bb4.9.3&#8243; text_font=\u00bbArial|500|||||||\u00bb text_font_size=\u00bb16px\u00bb text_line_height=\u00bb2em\u00bb header_font=\u00bbArial||||||||\u00bb header_text_color=\u00bb#9B8EB8&#8243; header_2_font=\u00bbRubik|700|||||||\u00bb header_2_font_size=\u00bb40px\u00bb header_2_line_height=\u00bb1.4em\u00bb header_5_font=\u00bbArial|700||on|||||\u00bb header_5_text_color=\u00bb#9B8EB8&#8243; header_5_letter_spacing=\u00bb5px\u00bb header_5_line_height=\u00bb1.5em\u00bb max_width=\u00bb700px\u00bb module_alignment=\u00bbcenter\u00bb custom_margin=\u00bb|||\u00bb custom_margin_tablet=\u00bb0px|||\u00bb custom_margin_last_edited=\u00bboff|desktop\u00bb text_line_height_last_edited=\u00bboff|desktop\u00bb header_2_font_size_tablet=\u00bb\u00bb header_2_font_size_phone=\u00bb30px\u00bb header_2_font_size_last_edited=\u00bbon|phone\u00bb locked=\u00bboff\u00bb]<\/p>\n<h5><\/h5>\n<p>&nbsp;<\/p>\n<h2><\/h2>\n<h2><\/h2>\n<h2><\/h2>\n<h2>QUE OFRECEMOS?<\/h2>\n<ul>\n<li><span><strong><span style=\"color: #9b8eb8;\">Orientaci\u00f3n profesional individual y grupa<\/span>l<\/strong>,<\/span><span>\u00a0<\/span>ampliando las posibilidades de encontrar un empleo desde la realidad ue rodea a cada persona.<\/li>\n<li><span style=\"color: #9b8eb8;\"><strong>Espacio de libre acceso TIC para la b\u00fasqueda de empleo y acciones de formaci\u00f3n de alfabetizaci\u00f3n inform\u00e1tica<\/strong>.<\/span><\/li>\n<li><span style=\"color: #9b8eb8;\"><strong>Espacios cooperativos de b\u00fasqueda<\/strong>.<\/span><\/li>\n<li><span style=\"color: #9b8eb8;\"><strong>Formaci\u00f3n en Training Skills<\/strong><\/span><span>\u00a0<\/span>(competencia claves para la ocupaci\u00f3n).<\/li>\n<li>Actividades relacionadas con el<span>\u00a0<\/span><span style=\"color: #9b8eb8;\"><strong>entorno empresarial<\/strong>.<\/span><\/li>\n<li><span style=\"color: #9b8eb8;\"><strong>Gesti\u00f3n de ofertas de empleo y acompa\u00f1amiento<\/strong><\/span><span>\u00a0<\/span>en tu proceso de incorporaci\u00f3n<\/li>\n<\/ul>\n<ul><\/ul>\n<p>[\/et_pb_text][\/et_pb_column][\/et_pb_row][\/et_pb_section][et_pb_section fb_built=\u00bb1&#8243; admin_label=\u00bbAdmissions\u00bb _builder_version=\u00bb4.9.3&#8243; use_background_color_gradient=\u00bbon\u00bb background_color_gradient_start=\u00bb#ffffff\u00bb background_color_gradient_end=\u00bb#e3e3e8&#8243; background_image=\u00bbhttps:\/\/grupohada.org\/wp-content\/uploads\/2021\/05\/wedding_engagement_37-3.png\u00bb parallax=\u00bbon\u00bb custom_padding=\u00bb|||\u00bb][et_pb_row column_structure=\u00bb1_2,1_2&#8243; _builder_version=\u00bb3.25&#8243;][et_pb_column type=\u00bb1_2&#8243; _builder_version=\u00bb3.25&#8243; custom_padding=\u00bb|||\u00bb custom_padding__hover=\u00bb|||\u00bb][et_pb_text _builder_version=\u00bb4.9.3&#8243; text_font=\u00bbArial|500|||||||\u00bb text_font_size=\u00bb16px\u00bb text_line_height=\u00bb2em\u00bb header_font=\u00bbArial||||||||\u00bb header_text_color=\u00bb#9B8EB8&#8243; header_2_font=\u00bbRubik|700|||||||\u00bb header_2_font_size=\u00bb40px\u00bb header_2_line_height=\u00bb1.4em\u00bb header_5_font=\u00bbArial|700||on|||||\u00bb header_5_text_color=\u00bb#9B8EB8&#8243; header_5_letter_spacing=\u00bb5px\u00bb header_5_line_height=\u00bb1.5em\u00bb max_width=\u00bb700px\u00bb module_alignment=\u00bbcenter\u00bb custom_margin=\u00bb|||\u00bb custom_margin_tablet=\u00bb0px|||\u00bb custom_margin_last_edited=\u00bboff|desktop\u00bb text_line_height_last_edited=\u00bboff|desktop\u00bb header_2_font_size_tablet=\u00bb\u00bb header_2_font_size_phone=\u00bb30px\u00bb header_2_font_size_last_edited=\u00bbon|phone\u00bb locked=\u00bboff\u00bb]<\/p>\n<h5>programa u- integrales<\/h5>\n<p>&nbsp;<\/p>\n<h2>DESCRIPCI\u00d3N<\/h2>\n<p>Unidad de Itinerarios Integrados para la reactivaci\u00f3n e inserci\u00f3n laboral para personas desempleadas de larga duraci\u00f3n con especiales dificultades de inserci\u00f3n en el mercado de trabajo. Subvencionado por la Consejer\u00eda de Pol\u00edticas Sociales, Familias, Igualdad y Natalidad, con cargo al 0,7 por 100 del rendimiento sobre la Renta de las Personas F\u00edsicas.<\/p>\n<p>Su finalidad: mejora de la empleabilidad facilitando el acceso a la formaci\u00f3n y al empleo a trav\u00e9s de servicios y acciones de informaci\u00f3n, acompa\u00f1amiento, asesoramiento y formaci\u00f3n en materia de orientaci\u00f3n laboral: Itinerarios personalizados de inserci\u00f3n laboral.<\/p>\n<p>Servicio tutorizado especializado, que tiene en cuenta las circunstancias personales y profesionales del usuario para determinar sus capacidades e intereses y gestionar su trayectoria de formaci\u00f3n, de b\u00fasqueda de empleo o de puesta en pr\u00e1ctica de otras iniciativas profesionales.<\/p>\n<p>Actuaciones que incluye el programa:<\/p>\n<p>[\/et_pb_text][et_pb_divider show_divider=\u00bboff\u00bb _builder_version=\u00bb4.9.3&#8243; _module_preset=\u00bbdefault\u00bb][\/et_pb_divider][et_pb_blurb title=\u00bbPARA M\u00c1S INFORMACI\u00d3N\u00bb use_icon=\u00bbon\u00bb font_icon=\u00bb%%238%%\u00bb icon_color=\u00bb#9B8EB8&#8243; use_circle=\u00bbon\u00bb circle_color=\u00bb#ffffff\u00bb use_circle_border=\u00bbon\u00bb circle_border_color=\u00bb#ffffff\u00bb icon_placement=\u00bbleft\u00bb use_icon_font_size=\u00bbon\u00bb icon_font_size=\u00bb24px\u00bb _builder_version=\u00bb4.9.3&#8243; header_font=\u00bbArial|700||on|||||\u00bb header_font_size=\u00bb12px\u00bb header_letter_spacing=\u00bb3px\u00bb header_line_height=\u00bb1.2em\u00bb body_font=\u00bbRubik||||||||\u00bb body_text_color=\u00bb#ff7355&#8243; custom_padding=\u00bb||2px|||\u00bb animation=\u00bboff\u00bb]<\/p>\n<p><span style=\"color: #9b8eb8;\">Lugar de realizaci\u00f3n y contacto:<\/span><\/p>\n<p><span style=\"color: rgba(0, 0, 0, 0.27);\">C\/ Arboleda, 14. Edificio Renta, 92.<\/span><\/p>\n<p><span style=\"color: rgba(0, 0, 0, 0.27);\">Despacho 121 &#8211; D5 (1\u00aa planta)<\/span><\/p>\n<p><span style=\"color: rgba(0, 0, 0, 0.27);\">28031 Madrid<\/span><\/p>\n<p><span style=\"color: rgba(0, 0, 0, 0.27);\">\u00a0910 55 86 54<\/span><\/p>\n<p><span style=\"color: rgba(0, 0, 0, 0.27);\">695 212 558<\/span><\/p>\n<p>\u00a0<a href=\"mailto:empleo@grupohada.org\">empleo@grupohada.org<\/a><\/p>\n<p>[\/et_pb_blurb][\/et_pb_column][et_pb_column type=\u00bb1_2&#8243; _builder_version=\u00bb3.25&#8243; custom_padding=\u00bb|||\u00bb custom_padding__hover=\u00bb|||\u00bb][et_pb_text _builder_version=\u00bb4.9.3&#8243; text_font=\u00bbArial|500|||||||\u00bb text_font_size=\u00bb16px\u00bb text_line_height=\u00bb2em\u00bb header_font=\u00bbArial||||||||\u00bb header_text_color=\u00bb#9B8EB8&#8243; header_2_font=\u00bbRubik|700|||||||\u00bb header_2_font_size=\u00bb40px\u00bb header_2_line_height=\u00bb1.4em\u00bb header_5_font=\u00bbArial|700||on|||||\u00bb header_5_text_color=\u00bb#9B8EB8&#8243; header_5_letter_spacing=\u00bb5px\u00bb header_5_line_height=\u00bb1.5em\u00bb max_width=\u00bb700px\u00bb module_alignment=\u00bbcenter\u00bb custom_margin=\u00bb|||\u00bb custom_margin_tablet=\u00bb0px|||\u00bb custom_margin_last_edited=\u00bboff|desktop\u00bb text_line_height_last_edited=\u00bboff|desktop\u00bb header_2_font_size_tablet=\u00bb\u00bb header_2_font_size_phone=\u00bb30px\u00bb header_2_font_size_last_edited=\u00bbon|phone\u00bb locked=\u00bboff\u00bb]<\/p>\n<h5><\/h5>\n<p>&nbsp;<\/p>\n<h2><\/h2>\n<h2><\/h2>\n<h2><\/h2>\n<h2>QUE OFRECEMOS?<\/h2>\n<ul>\n<li><span><strong>Acciones individuales<\/strong><\/span><span>\u00a0<\/span>(sesiones entre 1 y 2 horas)<span>\u00a0<\/span><span><strong>y grupales<\/strong><\/span>.<\/li>\n<li>Plan de formaci\u00f3n a medida:\n<ol>\n<li><span style=\"color: #9b8eb8;\"><strong>Actividad formativa Alfabetizaci\u00f3n inform\u00e1tica<\/strong><\/span><\/li>\n<li><span style=\"color: #9b8eb8;\"><strong>Actividad formativa \u201cTraining Skills\u201d\u00a0<\/strong><\/span><br \/>Con el objetivo de potenciar la adquisici\u00f3n de habilidades sociales y laborales, as\u00ed como reforzar a la persona como primer agente de cambio en su propio proceso de inserci\u00f3n.<\/li>\n<li><span style=\"color: #9b8eb8;\"><strong>Actividades de formaci\u00f3n t\u00e9cnico-profesional<\/strong><\/span><span>\u00a0<\/span>con pr\u00e1ctica no laborales.<\/li>\n<\/ol>\n<\/li>\n<li><span style=\"color: #9b8eb8;\"><strong>Espacios Cooperativos de b\u00fasqueda de empleo<\/strong><\/span>. Punto de encuentro y de cohesi\u00f3n grupal para analizar y trabajar diferentes aspectos relacionados con la b\u00fasqueda de empleo.<\/li>\n<li><span style=\"color: #9b8eb8;\"><strong>Espacio Abierto de b\u00fasqueda de empleo<\/strong><\/span>. B\u00fasqueda organizada y sistem\u00e1tica mediante recursos y herramientas tecnol\u00f3gicas. Recursos tecnol\u00f3gicos a disposici\u00f3n de las personas participantes en el programa para la b\u00fasqueda de empleo.<\/li>\n<li><span style=\"color: #9b8eb8;\"><strong>Sesiones de informaci\u00f3n y conocimiento del entorno productivo<\/strong>.<\/span><\/li>\n<li><span style=\"color: #9b8eb8;\"><strong>Gesti\u00f3n de ofertas y acompa\u00f1amiento en el proceso de inserci\u00f3n<\/strong>.<\/span><\/li>\n<li><span style=\"color: #9b8eb8;\"><strong>CAMPUS HADA<\/strong><\/span>. Plataforma que posibilita el acceso a contenidos digitales de formaci\u00f3n para impulsar el autoaprendizaje y mejora el conocimiento y el manejo de herramientas tecnol\u00f3gicas. El objeto es adquirir las habilidades que requiere el mercado laboral actual.<\/li>\n<\/ul>\n<p>&nbsp;<\/p>\n<p>&nbsp;<\/p>\n<p>&nbsp;<\/p>\n<p>[\/et_pb_text][\/et_pb_column][\/et_pb_row][\/et_pb_section][et_pb_section fb_built=\u00bb1&#8243; admin_label=\u00bbFooter\u00bb _builder_version=\u00bb4.9.3&#8243; background_enable_image=\u00bboff\u00bb parallax=\u00bbon\u00bb custom_margin=\u00bb|||\u00bb custom_padding=\u00bb|||\u00bb][et_pb_row column_structure=\u00bb1_2,1_2&#8243; _builder_version=\u00bb3.25&#8243;][et_pb_column type=\u00bb1_2&#8243; _builder_version=\u00bb3.25&#8243; custom_padding=\u00bb|||\u00bb custom_padding__hover=\u00bb|||\u00bb][et_pb_text _builder_version=\u00bb4.9.3&#8243; text_font=\u00bbArial|500|||||||\u00bb text_font_size=\u00bb16px\u00bb text_line_height=\u00bb2em\u00bb header_font=\u00bbArial||||||||\u00bb header_text_color=\u00bb#9B8EB8&#8243; header_2_font=\u00bbRubik|700|||||||\u00bb header_2_font_size=\u00bb40px\u00bb header_2_line_height=\u00bb1.4em\u00bb header_5_font=\u00bbArial|700||on|||||\u00bb header_5_text_color=\u00bb#9B8EB8&#8243; header_5_letter_spacing=\u00bb5px\u00bb header_5_line_height=\u00bb1.5em\u00bb max_width=\u00bb700px\u00bb module_alignment=\u00bbcenter\u00bb custom_margin=\u00bb|||\u00bb custom_margin_tablet=\u00bb0px|||\u00bb custom_margin_last_edited=\u00bboff|desktop\u00bb text_line_height_last_edited=\u00bboff|desktop\u00bb header_2_font_size_tablet=\u00bb\u00bb header_2_font_size_phone=\u00bb30px\u00bb header_2_font_size_last_edited=\u00bbon|phone\u00bb locked=\u00bboff\u00bb]<\/p>\n<p><span style=\"color: #9b8eb8;\"><strong>PROGRAMA U-INTEGRALES +45<\/strong><\/span><\/p>\n<p>&nbsp;<\/p>\n<h2>DESCRIPCI\u00d3N<\/h2>\n<p>El objetivo del programa es reforzar la empleabilidad de los j\u00f3venes no ocupados y no integrados en los sistemas de educaci\u00f3n o formaci\u00f3n, mediante la realizaci\u00f3n de actuaciones metidas en lo que determina el Plan Nacional de Implementaci\u00f3n de la Garant\u00eda Juvenil.<\/p>\n<p>El programa se ejecuta conjuntamente con diversas entidades del territorio coordinadas por el Consell Comarcal del Vall\u00e8s, d\u00f3nde Fundaci\u00f3n Grupo Hada, como entidad especializada en colectivos con diversidad funcional, tutoriza un grupo de 15 j\u00f3venes con discapacidad.<\/p>\n<p>Los requisitos que deben cumplir los participantes son:<\/p>\n<p>&nbsp;<\/p>\n<ul>\n<li>Tener m\u00e1s de 16 a\u00f1os y menos de 30, en el momento de solicitar la inscripci\u00f3n en el Fichero del Sistema Nacional de Garant\u00eda Juvenil.<\/li>\n<li>No haber trabajado en los 30 d\u00edas naturales anteriores a la fecha de presentaci\u00f3n de la solicitud de inscripci\u00f3n en el Sistema Nacional de Garant\u00eda Juvenil.<\/li>\n<li>No haber recibido acciones educativas que comporten m\u00e1s de 40 horas mensuales en los 90 d\u00edas naturales anteriores a la fecha de presentaci\u00f3n de la solicitud.<\/li>\n<li>No haber recibido acciones formativas que conlleven m\u00e1s de 40 horas mensuales en los 30 d\u00edas naturales anteriores a a fecha de presentaci\u00f3n de la solicitud.<\/li>\n<li>Tener certificado de discapacidad<\/li>\n<\/ul>\n<p>[\/et_pb_text][et_pb_blurb title=\u00bbPARA M\u00c1S INFORMACI\u00d3N\u00bb use_icon=\u00bbon\u00bb font_icon=\u00bb%%238%%\u00bb icon_color=\u00bb#9B8EB8&#8243; use_circle=\u00bbon\u00bb circle_color=\u00bb#ffffff\u00bb use_circle_border=\u00bbon\u00bb circle_border_color=\u00bb#ffffff\u00bb icon_placement=\u00bbleft\u00bb use_icon_font_size=\u00bbon\u00bb icon_font_size=\u00bb24px\u00bb _builder_version=\u00bb4.9.3&#8243; header_font=\u00bbArial|700||on|||||\u00bb header_font_size=\u00bb12px\u00bb header_letter_spacing=\u00bb3px\u00bb header_line_height=\u00bb1.2em\u00bb body_font=\u00bbRubik||||||||\u00bb body_text_color=\u00bb#ff7355&#8243; custom_padding=\u00bb||2px|||\u00bb animation=\u00bboff\u00bb]<\/p>\n<p>\u00a0<a href=\"mailto:aularisign@grupohada.org\"><strong>singulars@grupohada.org<\/strong><\/a><\/p>\n<p>\u00a0<span style=\"color: #9b8eb8;\">935 19 12 30<\/span><\/p>\n<p><span style=\"color: #9b8eb8;\">Carrer Serra Galliners, 68 B \u2013 08290 \u2013 Cerdanyola del Vall\u00e8s<\/span><\/p>\n<p>[\/et_pb_blurb][\/et_pb_column][et_pb_column type=\u00bb1_2&#8243; _builder_version=\u00bb3.25&#8243; custom_padding=\u00bb|||\u00bb custom_padding__hover=\u00bb|||\u00bb][et_pb_text _builder_version=\u00bb4.9.3&#8243; text_font=\u00bbArial|500|||||||\u00bb text_font_size=\u00bb16px\u00bb text_line_height=\u00bb2em\u00bb header_font=\u00bbArial||||||||\u00bb header_text_color=\u00bb#9B8EB8&#8243; header_2_font=\u00bbRubik|700|||||||\u00bb header_2_font_size=\u00bb40px\u00bb header_2_line_height=\u00bb1.4em\u00bb header_5_font=\u00bbArial|700||on|||||\u00bb header_5_text_color=\u00bb#9B8EB8&#8243; header_5_letter_spacing=\u00bb5px\u00bb header_5_line_height=\u00bb1.5em\u00bb max_width=\u00bb700px\u00bb module_alignment=\u00bbcenter\u00bb custom_margin=\u00bb|||\u00bb custom_margin_tablet=\u00bb0px|||\u00bb custom_margin_last_edited=\u00bboff|desktop\u00bb text_line_height_last_edited=\u00bboff|desktop\u00bb header_2_font_size_tablet=\u00bb\u00bb header_2_font_size_phone=\u00bb30px\u00bb header_2_font_size_last_edited=\u00bbon|phone\u00bb locked=\u00bboff\u00bb]<\/p>\n<h5><\/h5>\n<p>&nbsp;<\/p>\n<h2><\/h2>\n<h2><\/h2>\n<h2><\/h2>\n<h2>QUE OFRECEMOS?<\/h2>\n<p>Las actuaciones que se desarrollan en el programa son:<\/p>\n<ul>\n<li>Orientaci\u00f3n que incluya el asesoramiento individualizado, orientaci\u00f3n profesional y en emprendimiento, informaci\u00f3n laboral y acompa\u00f1amiento en la b\u00fasqueda de empleo.<\/li>\n<li>Formaci\u00f3n profesionalizadora ajustada a las necesidades de las personas participantes.<\/li>\n<li>Pr\u00e1cticas en empresas.\n<p>Las actuaciones que se desarrollan en el programa son:<\/p>\n<ul>\n<li>Orientaci\u00f3n que incluya el asesoramiento individualizado, orientaci\u00f3n profesional y en emprendimiento, informaci\u00f3n laboral y acompa\u00f1amiento en la b\u00fasqueda de empleo.<\/li>\n<li>Formaci\u00f3n profesionalizadora ajustada a las necesidades de las personas participantes.<\/li>\n<li>Pr\u00e1cticas en empresas.<\/li>\n<\/ul>\n<\/li>\n<\/ul>\n<p>&nbsp;<\/p>\n<p>&nbsp;<\/p>\n<p>&nbsp;<\/p>\n<p>[\/et_pb_text][\/et_pb_column][\/et_pb_row][\/et_pb_section][et_pb_section fb_built=\u00bb1&#8243; admin_label=\u00bbAdmissions\u00bb _builder_version=\u00bb4.9.3&#8243; use_background_color_gradient=\u00bbon\u00bb background_color_gradient_start=\u00bb#ffffff\u00bb background_color_gradient_end=\u00bb#e3e3e8&#8243; background_image=\u00bbhttps:\/\/grupohada.org\/wp-content\/uploads\/2021\/05\/wedding_engagement_37-3.png\u00bb parallax=\u00bbon\u00bb custom_padding=\u00bb|||\u00bb][et_pb_row column_structure=\u00bb1_2,1_2&#8243; _builder_version=\u00bb3.25&#8243;][et_pb_column type=\u00bb1_2&#8243; _builder_version=\u00bb3.25&#8243; custom_padding=\u00bb|||\u00bb custom_padding__hover=\u00bb|||\u00bb][et_pb_text _builder_version=\u00bb4.9.3&#8243; text_font=\u00bbArial|500|||||||\u00bb text_font_size=\u00bb16px\u00bb text_line_height=\u00bb2em\u00bb header_font=\u00bbArial||||||||\u00bb header_text_color=\u00bb#9B8EB8&#8243; header_2_font=\u00bbRubik|700|||||||\u00bb header_2_font_size=\u00bb40px\u00bb header_2_line_height=\u00bb1.4em\u00bb header_5_font=\u00bbArial|700||on|||||\u00bb header_5_text_color=\u00bb#9B8EB8&#8243; header_5_letter_spacing=\u00bb5px\u00bb header_5_line_height=\u00bb1.5em\u00bb max_width=\u00bb700px\u00bb module_alignment=\u00bbcenter\u00bb custom_margin=\u00bb|||\u00bb custom_margin_tablet=\u00bb0px|||\u00bb custom_margin_last_edited=\u00bboff|desktop\u00bb custom_padding=\u00bb||0px|||\u00bb text_line_height_last_edited=\u00bboff|desktop\u00bb header_2_font_size_tablet=\u00bb\u00bb header_2_font_size_phone=\u00bb30px\u00bb header_2_font_size_last_edited=\u00bbon|phone\u00bb locked=\u00bboff\u00bb]<\/p>\n<h5>programa imjova<\/h5>\n<p>&nbsp;<\/p>\n<h2>DESCRIPCI\u00d3N<\/h2>\n<p><span>Programa que se ejecutar\u00e1 durante todo el a\u00f1o 2020 subvencionado por la Consejer\u00eda de Pol\u00edticas Sociales, Familias, Igualdad y Natalidad, con cargo al 0,7 por 100 del rendimiento sobre la Renta de las Personas F\u00edsicas. Este proyecto pretende garantizar que la juventud desempleada con diversidad funcional y\/o riesgo de exclusi\u00f3n inscritas en el sistema de Garant\u00eda Juvenil cuente con este programa espec\u00edfico, con el objetivo de mejorar su empleabilidad y facilitar su incorporaci\u00f3n al mercado laboral.<\/span><\/p>\n<p>[\/et_pb_text][et_pb_divider show_divider=\u00bboff\u00bb _builder_version=\u00bb4.9.3&#8243; _module_preset=\u00bbdefault\u00bb][\/et_pb_divider][et_pb_blurb title=\u00bbPARA M\u00c1S INFORMACI\u00d3N\u00bb use_icon=\u00bbon\u00bb font_icon=\u00bb%%238%%\u00bb icon_color=\u00bb#9B8EB8&#8243; use_circle=\u00bbon\u00bb circle_color=\u00bb#ffffff\u00bb use_circle_border=\u00bbon\u00bb circle_border_color=\u00bb#ffffff\u00bb icon_placement=\u00bbleft\u00bb use_icon_font_size=\u00bbon\u00bb icon_font_size=\u00bb24px\u00bb _builder_version=\u00bb4.9.3&#8243; header_font=\u00bbArial|700||on|||||\u00bb header_font_size=\u00bb12px\u00bb header_letter_spacing=\u00bb3px\u00bb header_line_height=\u00bb1.2em\u00bb body_font=\u00bbRubik||||||||\u00bb body_text_color=\u00bb#ff7355&#8243; custom_padding=\u00bb||2px|||\u00bb animation=\u00bboff\u00bb]<\/p>\n<p><span style=\"color: #9b8eb8;\">Lugar de realizaci\u00f3n y contacto:<\/span><\/p>\n<p>\u00a0<span style=\"color: rgba(0, 0, 0, 0.31);\">C\/ Arboleda, 14. Edificio Renta, 92.<\/span><\/p>\n<p><span style=\"color: rgba(0, 0, 0, 0.31);\">Despacho 121 &#8211; D5 (1\u00aa planta)<\/span><\/p>\n<p><span style=\"color: rgba(0, 0, 0, 0.31);\">28031 Madrid<\/span><\/p>\n<p><span style=\"color: rgba(0, 0, 0, 0.31);\">910 55 86 54<\/span><\/p>\n<p><span style=\"color: rgba(0, 0, 0, 0.31);\">695 212 558<\/span><\/p>\n<p>\u00a0<a href=\"mailto:empleo@grupohada.org\">empleo@grupohada.org<\/a><\/p>\n<p>[\/et_pb_blurb][\/et_pb_column][et_pb_column type=\u00bb1_2&#8243; _builder_version=\u00bb3.25&#8243; custom_padding=\u00bb|||\u00bb custom_padding__hover=\u00bb|||\u00bb][et_pb_text _builder_version=\u00bb4.9.3&#8243; text_font=\u00bbArial|500|||||||\u00bb text_font_size=\u00bb16px\u00bb text_line_height=\u00bb2em\u00bb header_font=\u00bbArial||||||||\u00bb header_text_color=\u00bb#9B8EB8&#8243; header_2_font=\u00bbRubik|700|||||||\u00bb header_2_font_size=\u00bb40px\u00bb header_2_line_height=\u00bb1.4em\u00bb header_5_font=\u00bbArial|700||on|||||\u00bb header_5_text_color=\u00bb#9B8EB8&#8243; header_5_letter_spacing=\u00bb5px\u00bb header_5_line_height=\u00bb1.5em\u00bb max_width=\u00bb700px\u00bb module_alignment=\u00bbcenter\u00bb custom_margin=\u00bb|||\u00bb custom_margin_tablet=\u00bb0px|||\u00bb custom_margin_last_edited=\u00bboff|desktop\u00bb text_line_height_last_edited=\u00bboff|desktop\u00bb header_2_font_size_tablet=\u00bb\u00bb header_2_font_size_phone=\u00bb30px\u00bb header_2_font_size_last_edited=\u00bbon|phone\u00bb locked=\u00bboff\u00bb]<\/p>\n<h5><\/h5>\n<p>&nbsp;<\/p>\n<h2><\/h2>\n<h2><\/h2>\n<h2><\/h2>\n<h2>QUE OFRECEMOS?<\/h2>\n<ul>\n<li><span><strong>Orientaci\u00f3n profesional individual y grupal<\/strong><\/span>, ampliando las posibilidades de encontrar un empleo desde la realidad que rodea a cada persona.<\/li>\n<li><strong><span>Acciones de acompa\u00f1amiento y dinamizaci\u00f3n para la b\u00fasqueda de empleo en espacio TIC<\/span><\/strong><span>\u00a0<\/span>con la utilizaci\u00f3n de nuestra plataforma \u201cCAMPUS INCLUSIVO H@DA\u201d, fomentando uso y manejo de las nuevas tecnolog\u00edas en la orientaci\u00f3n y preparaci\u00f3n laboral.<\/li>\n<li><span><strong>Espacios cooperativos de b\u00fasqueda<\/strong><\/span>.<\/li>\n<li><strong><span>Formaci\u00f3n en Training Skills<\/span><\/strong><span>\u00a0<\/span>(competencia claves para la ocupaci\u00f3n).<\/li>\n<li><strong><span>Formaci\u00f3n t\u00e9cnico profesional: formaci\u00f3n espec\u00edfica<\/span><\/strong><span>\u00a0<\/span>con realizaci\u00f3n de pr\u00e1cticas no laborales.<\/li>\n<li>Actividades relacionadas con el<span>\u00a0<\/span><span><strong>entorno empresarial<\/strong><\/span>.<\/li>\n<li>Gesti\u00f3n de<span>\u00a0<\/span><span><strong>ofertas de empleo y acompa\u00f1amiento<span>\u00a0<\/span><\/strong><\/span>en tu proceso de incorporaci\u00f3n.<\/li>\n<\/ul>\n<p>&nbsp;<\/p>\n<p>&nbsp;<\/p>\n<p>&nbsp;<\/p>\n<p>[\/et_pb_text][\/et_pb_column][\/et_pb_row][\/et_pb_section]<\/p>\n","protected":false},"excerpt":{"rendered":"<p>PROGRAMA UTIL &nbsp; DESCRIPCI\u00d3N En enero de 2017 comenzamos a desarrollar en\u00a0Fundaci\u00f3n Grupo Hada\u00a0las Unidades de transici\u00f3n para la integraci\u00f3n laboral.\u00a0Actividad cofinanciada por la Comunidad de Madrid y el Fondo Social Europeo. El programa consiste en desarrollar itinerarios personalizados de inserci\u00f3n con el objetivo principal de mejorar la empleabilidad de las personas participantes. Las personas [&hellip;]<\/p>\n","protected":false},"author":1,"featured_media":0,"parent":0,"menu_order":0,"comment_status":"closed","ping_status":"closed","template":"","meta":{"_et_pb_use_builder":"on","_et_pb_old_content":"","_et_gb_content_width":""},"_links":{"self":[{"href":"https:\/\/grupohada.org\/index.php?rest_route=\/wp\/v2\/pages\/383"}],"collection":[{"href":"https:\/\/grupohada.org\/index.php?rest_route=\/wp\/v2\/pages"}],"about":[{"href":"https:\/\/grupohada.org\/index.php?rest_route=\/wp\/v2\/types\/page"}],"author":[{"embeddable":true,"href":"https:\/\/grupohada.org\/index.php?rest_route=\/wp\/v2\/users\/1"}],"replies":[{"embeddable":true,"href":"https:\/\/grupohada.org\/index.php?rest_route=%2Fwp%2Fv2%2Fcomments&post=383"}],"version-history":[{"count":12,"href":"https:\/\/grupohada.org\/index.php?rest_route=\/wp\/v2\/pages\/383\/revisions"}],"predecessor-version":[{"id":656,"href":"https:\/\/grupohada.org\/index.php?rest_route=\/wp\/v2\/pages\/383\/revisions\/656"}],"wp:attachment":[{"href":"https:\/\/grupohada.org\/index.php?rest_route=%2Fwp%2Fv2%2Fmedia&parent=383"}],"curies":[{"name":"wp","href":"https:\/\/api.w.org\/{rel}","templated":true}]}}