{"id":523,"date":"2021-06-06T15:51:12","date_gmt":"2021-06-06T15:51:12","guid":{"rendered":"https:\/\/grupohada.org\/?page_id=523"},"modified":"2021-07-13T05:07:29","modified_gmt":"2021-07-13T05:07:29","slug":"empresas","status":"publish","type":"page","link":"https:\/\/grupohada.org\/?page_id=523","title":{"rendered":"EMPRESAS"},"content":{"rendered":"<p>[et_pb_section fb_built=\u00bb1&#8243; fullwidth=\u00bbon\u00bb admin_label=\u00bbSecci\u00f3n\u00bb _builder_version=\u00bb4.9.3&#8243; _module_preset=\u00bbdefault\u00bb background_image=\u00bbhttps:\/\/grupohada.org\/wp-content\/uploads\/2021\/06\/shapes-bg-1.png\u00bb collapsed=\u00bboff\u00bb][et_pb_fullwidth_header title=\u00bbSERVICIOS A EMPRESAS\u00bb header_scroll_down=\u00bbon\u00bb scroll_down_icon=\u00bb%%9%%\u00bb background_overlay_color=\u00bbrgba(255,255,255,0.6)\u00bb image_orientation=\u00bbbottom\u00bb content_max_width=\u00bb700px\u00bb content_max_width_tablet=\u00bb100%\u00bb content_max_width_phone=\u00bb\u00bb content_max_width_last_edited=\u00bbon|desktop\u00bb _builder_version=\u00bb4.9.3&#8243; title_level=\u00bbh2&#8243; title_font=\u00bbArial|700|||||||\u00bb title_font_size=\u00bb60px\u00bb title_line_height=\u00bb1.4em\u00bb content_font=\u00bb||||||||\u00bb content_font_size=\u00bb17px\u00bb content_line_height=\u00bb1.9em\u00bb subhead_font=\u00bb|600|||||||\u00bb subhead_font_size=\u00bb20px\u00bb subhead_line_height=\u00bb1.8em\u00bb background_color=\u00bbrgba(255,255,255,0.3)\u00bb background_image=\u00bbhttps:\/\/grupohada.org\/wp-content\/uploads\/2021\/05\/wedding_engagement_37-3.png\u00bb custom_button_one=\u00bbon\u00bb button_one_text_size=\u00bb14px\u00bb button_one_text_color=\u00bb#ffffff\u00bb button_one_bg_color=\u00bb#8300e9&#8243; button_one_bg_color_gradient_start=\u00bb#d883f8&#8243; button_one_bg_color_gradient_end=\u00bb#352DBE\u00bb button_one_bg_color_gradient_direction=\u00bb90deg\u00bb button_one_border_width=\u00bb10px\u00bb button_one_border_color=\u00bbrgba(0,0,0,0)\u00bb button_one_border_radius=\u00bb100px\u00bb button_one_letter_spacing=\u00bb3px\u00bb button_one_font=\u00bbRoboto|700||on|||||\u00bb custom_button_two=\u00bbon\u00bb button_two_text_size=\u00bb14px\u00bb button_two_text_color=\u00bb#ffffff\u00bb button_two_bg_color=\u00bb#06c8ff\u00bb button_two_border_width=\u00bb10px\u00bb button_two_border_color=\u00bbrgba(0,0,0,0)\u00bb button_two_border_radius=\u00bb100px\u00bb button_two_letter_spacing=\u00bb3px\u00bb button_two_font=\u00bbRoboto|700||on|||||\u00bb background_layout=\u00bblight\u00bb custom_margin=\u00bb||||false\u00bb custom_padding=\u00bb8vw||8vw||true\u00bb custom_padding_tablet=\u00bb250px||250px||true\u00bb custom_padding_last_edited=\u00bboff|desktop\u00bb animation_style=\u00bbfade\u00bb animation_direction=\u00bbleft\u00bb animation_speed_curve=\u00bblinear\u00bb title_font_size_tablet=\u00bb40px\u00bb title_font_size_phone=\u00bb32px\u00bb title_font_size_last_edited=\u00bbon|desktop\u00bb button_one_text_color_hover=\u00bb#ffffff\u00bb button_two_text_color_hover=\u00bb#ffffff\u00bb button_one_letter_spacing_hover=\u00bb3px\u00bb button_two_letter_spacing_hover=\u00bb3px\u00bb button_one_text_size__hover_enabled=\u00bboff\u00bb button_two_text_size__hover_enabled=\u00bboff\u00bb button_one_text_color__hover_enabled=\u00bbon\u00bb button_one_text_color__hover=\u00bb#ffffff\u00bb button_two_text_color__hover_enabled=\u00bbon\u00bb button_two_text_color__hover=\u00bb#ffffff\u00bb button_one_border_width__hover_enabled=\u00bboff\u00bb button_two_border_width__hover_enabled=\u00bboff\u00bb button_one_border_color__hover_enabled=\u00bboff\u00bb button_two_border_color__hover_enabled=\u00bboff\u00bb button_one_border_radius__hover_enabled=\u00bboff\u00bb button_two_border_radius__hover_enabled=\u00bboff\u00bb button_one_letter_spacing__hover_enabled=\u00bbon\u00bb button_one_letter_spacing__hover=\u00bb3px\u00bb button_two_letter_spacing__hover_enabled=\u00bbon\u00bb button_two_letter_spacing__hover=\u00bb3px\u00bb button_one_bg_color__hover_enabled=\u00bboff\u00bb button_two_bg_color__hover_enabled=\u00bboff\u00bb]<\/p>\n<h2><\/h2>\n<p>[\/et_pb_fullwidth_header][\/et_pb_section][et_pb_section fb_built=\u00bb1&#8243; admin_label=\u00bbAbout\u00bb _builder_version=\u00bb4.9.3&#8243; background_color=\u00bbRGBA(0,0,0,0)\u00bb background_enable_image=\u00bboff\u00bb min_height=\u00bb1420px\u00bb custom_margin=\u00bb||-190px|||\u00bb custom_padding=\u00bb4vw||||false|false\u00bb locked=\u00bboff\u00bb][et_pb_row make_equal=\u00bbon\u00bb _builder_version=\u00bb4.9.3&#8243; custom_margin=\u00bb|||auto|false|false\u00bb custom_padding=\u00bb|||0px||\u00bb][et_pb_column type=\u00bb4_4&#8243; _builder_version=\u00bb4.9.3&#8243; border_color_all=\u00bb#C09AEA\u00bb][et_pb_text _builder_version=\u00bb4.9.3&#8243; _module_preset=\u00bbdefault\u00bb custom_padding=\u00bb22px||0px|||\u00bb]<\/p>\n<h1 style=\"text-align: left;\"><strong>FUNDACI\u00d3N GRUPO HADA<\/strong><\/h1>\n<p>[\/et_pb_text][\/et_pb_column][\/et_pb_row][et_pb_row make_equal=\u00bbon\u00bb _builder_version=\u00bb4.9.3&#8243; custom_margin=\u00bb|||auto|false|false\u00bb custom_padding=\u00bb|||0px||\u00bb][et_pb_column type=\u00bb4_4&#8243; _builder_version=\u00bb4.9.3&#8243; border_color_all=\u00bb#C09AEA\u00bb][et_pb_text _builder_version=\u00bb4.9.3&#8243; text_font=\u00bbMontserrat||||||||\u00bb text_font_size=\u00bb16px\u00bb text_line_height=\u00bb2em\u00bb max_width=\u00bb800px\u00bb text_font_size_tablet=\u00bb14px\u00bb text_font_size_phone=\u00bb14px\u00bb text_font_size_last_edited=\u00bbon|desktop\u00bb text_line_height_phone=\u00bb1.6em\u00bb text_line_height_last_edited=\u00bboff|desktop\u00bb locked=\u00bboff\u00bb]<\/p>\n<p>Es una entidad de car\u00e1cter social que tiene como objetivo el desarrollo de proyectos integrales que mejoren la empleabilidad de las personas.<\/p>\n<p>Desarrollamos y disponemos de:<\/p>\n<p><span><strong>Servicios de informaci\u00f3n y orientaci\u00f3n<\/strong>,<\/span><span>\u00a0<\/span>a personas desempleadas en b\u00fasqueda activa de empleo.<\/p>\n<p><strong><span>Itinerarios laborales individualizados con orientaci\u00f3n, formaci\u00f3n e intermediaci\u00f3n:\u00a0<\/span><\/strong><span>mejoramos la empleabilidad de las personas.\u00a0<\/span><\/p>\n<p>Somos<span><strong>\u00a0Agencia de Colocaci\u00f3n\u00a0<\/strong><\/span>Autorizada por el SEPE n\u00ba 0900000289 y disponemos de un portal de empleo web.<\/p>\n<p><strong><span>Bolsa de empleo<\/span><\/strong><span>\u00a0<\/span>con variedad de perfiles:Servicios auxiliares, Comercio, Hosteler\u00eda, Construcci\u00f3n, Conserjer\u00eda, Limpieza, Jardiner\u00eda etc<\/p>\n<p>[\/et_pb_text][\/et_pb_column][\/et_pb_row][et_pb_row column_structure=\u00bb1_2,1_2&#8243; make_equal=\u00bbon\u00bb _builder_version=\u00bb4.9.3&#8243; custom_margin=\u00bb|||auto|false|false\u00bb custom_padding=\u00bb||0px|0px||\u00bb][et_pb_column type=\u00bb1_2&#8243; _builder_version=\u00bb4.5.1&#8243;][et_pb_text _builder_version=\u00bb4.9.3&#8243; text_font=\u00bbMontserrat||||||||\u00bb text_font_size=\u00bb16px\u00bb text_line_height=\u00bb2em\u00bb max_width=\u00bb800px\u00bb custom_padding=\u00bb||0px|||\u00bb text_font_size_tablet=\u00bb14px\u00bb text_font_size_phone=\u00bb14px\u00bb text_font_size_last_edited=\u00bbon|desktop\u00bb text_line_height_phone=\u00bb1.6em\u00bb text_line_height_last_edited=\u00bboff|desktop\u00bb locked=\u00bboff\u00bb]<\/p>\n<p>Ofrecemos a las empresas colaboradoras un servicio integral de intermediaci\u00f3n\u00a0<span>\u00a0<\/span><strong><span>SIN NING\u00daN TIPO DE COSTE<\/span><\/strong>. Estos servicios incluyen:<\/p>\n<p><strong><span>Asesoramiento<\/span><span>\u00a0<\/span><\/strong>personalizado en<span>\u00a0<\/span><strong><span>materia laboral<\/span><\/strong>: bonificaciones y consultor\u00eda en RRHH.<\/p>\n<p>[\/et_pb_text][et_pb_text _builder_version=\u00bb4.9.3&#8243; text_font=\u00bbMontserrat||||||||\u00bb text_font_size=\u00bb16px\u00bb text_line_height=\u00bb2em\u00bb max_width=\u00bb800px\u00bb custom_padding=\u00bb||0px|||\u00bb text_font_size_tablet=\u00bb14px\u00bb text_font_size_phone=\u00bb14px\u00bb text_font_size_last_edited=\u00bbon|desktop\u00bb text_line_height_phone=\u00bb1.6em\u00bb text_line_height_last_edited=\u00bboff|desktop\u00bb locked=\u00bboff\u00bb]<\/p>\n<p><strong><span>Formaci\u00f3n a medida<\/span><\/strong><\/p>\n<p><span>Realizamos\u00a0 formaciones a medida con empresas que buscan cubrir vacantes en puestos recurrentes o de nueva creaci\u00f3n. Esta f\u00f3rmula permite generar equipos de trabajo formados y ajustados a las necesidades reales de las empresas.<\/span><\/p>\n<p><span><\/span><\/p>\n<p><strong><span>Empleo con Apoyo<\/span><\/strong><\/p>\n<p><span>Ponemos a disposici\u00f3n de las empresas ordinarias que contraten personas con vidersidad funcional la figura del preparador laboral. Asesoramos sobre adaptaciones y ajustes al puesto .<\/span><\/p>\n<p>[\/et_pb_text][\/et_pb_column][et_pb_column type=\u00bb1_2&#8243; _builder_version=\u00bb4.9.3&#8243; background_image=\u00bbhttps:\/\/grupohada.org\/wp-content\/uploads\/2021\/05\/tech-01.jpg\u00bb custom_padding=\u00bb35px||65px||false|false\u00bb custom_padding_last_edited=\u00bboff|desktop\u00bb border_width_all=\u00bb20px\u00bb border_color_all=\u00bb#9B8EB8&#8243; box_shadow_style=\u00bbpreset3&#8243;][\/et_pb_column][\/et_pb_row][et_pb_row column_structure=\u00bb1_2,1_2&#8243; _builder_version=\u00bb4.9.3&#8243; _module_preset=\u00bbdefault\u00bb][et_pb_column type=\u00bb1_2&#8243; _builder_version=\u00bb4.9.3&#8243; _module_preset=\u00bbdefault\u00bb][et_pb_text _builder_version=\u00bb4.9.3&#8243; _module_preset=\u00bbdefault\u00bb text_font=\u00bbArial||||||||\u00bb][\/et_pb_text][\/et_pb_column][et_pb_column type=\u00bb1_2&#8243; _builder_version=\u00bb4.9.3&#8243; _module_preset=\u00bbdefault\u00bb][\/et_pb_column][\/et_pb_row][\/et_pb_section][et_pb_section fb_built=\u00bb1&#8243; _builder_version=\u00bb4.9.3&#8243; _module_preset=\u00bbdefault\u00bb][et_pb_row _builder_version=\u00bb4.9.3&#8243; _module_preset=\u00bbdefault\u00bb][et_pb_column type=\u00bb4_4&#8243; _builder_version=\u00bb4.9.3&#8243; _module_preset=\u00bbdefault\u00bb][et_pb_gallery gallery_ids=\u00bb528,529,530,531,532,533,534,535,536&#8243; gallery_orderby=\u00bbrand\u00bb show_title_and_caption=\u00bboff\u00bb _builder_version=\u00bb4.9.3&#8243; _module_preset=\u00bbdefault\u00bb][\/et_pb_gallery][\/et_pb_column][\/et_pb_row][\/et_pb_section][et_pb_section fb_built=\u00bb1&#8243; _builder_version=\u00bb4.9.3&#8243; _module_preset=\u00bbdefault\u00bb use_background_color_gradient=\u00bbon\u00bb background_color_gradient_start=\u00bb#9b8eb8&#8243; background_color_gradient_end=\u00bb#ffffff\u00bb background_image=\u00bbhttps:\/\/grupohada.org\/wp-content\/uploads\/2021\/05\/bg-4.png\u00bb hover_enabled=\u00bb0&#8243; disabled_on=\u00bbon|off|off\u00bb sticky_enabled=\u00bb0&#8243;][et_pb_row column_structure=\u00bb3_5,2_5&#8243; _builder_version=\u00bb4.9.3&#8243; _module_preset=\u00bbdefault\u00bb][et_pb_column type=\u00bb3_5&#8243; _builder_version=\u00bb4.9.3&#8243; _module_preset=\u00bbdefault\u00bb][et_pb_text _builder_version=\u00bb4.9.3&#8243; _module_preset=\u00bbdefault\u00bb]<\/p>\n<h1><strong>PATRONATO Y\u00a0<\/strong><b>CARACTER\u00cdSTICAS<\/b><\/h1>\n<p>[\/et_pb_text][et_pb_text _builder_version=\u00bb4.9.3&#8243; _module_preset=\u00bbdefault\u00bb custom_margin=\u00bb|62px||||\u00bb custom_padding=\u00bb2px|317px||||\u00bb]<\/p>\n<h3><span style=\"font-size: large;\"><strong><span style=\"font-family: inherit;\">ORGANISMOS DE GOBIERNO<\/span><\/strong><\/span><\/h3>\n<p>[\/et_pb_text][et_pb_divider show_divider=\u00bboff\u00bb _builder_version=\u00bb4.9.3&#8243; _module_preset=\u00bbdefault\u00bb][\/et_pb_divider][et_pb_text _builder_version=\u00bb4.9.3&#8243; _module_preset=\u00bbdefault\u00bb custom_margin=\u00bb|62px||||\u00bb custom_padding=\u00bb2px|317px||||\u00bb]<\/p>\n<h3><span style=\"font-size: large;\"><strong><span style=\"font-family: inherit;\">PERSONAL<\/span><\/strong><\/span><\/h3>\n<p>[\/et_pb_text][et_pb_divider show_divider=\u00bboff\u00bb _builder_version=\u00bb4.9.3&#8243; _module_preset=\u00bbdefault\u00bb custom_padding=\u00bb||51px|||\u00bb][\/et_pb_divider][et_pb_text _builder_version=\u00bb4.9.3&#8243; _module_preset=\u00bbdefault\u00bb custom_margin=\u00bb|62px||||\u00bb custom_padding=\u00bb0px|317px||||\u00bb]<\/p>\n<h3><span style=\"font-size: large;\"><strong><span style=\"font-family: inherit;\">CARTERA DE SERVICIOS<\/span><\/strong><\/span><\/h3>\n<p>[\/et_pb_text][et_pb_divider show_divider=\u00bboff\u00bb _builder_version=\u00bb4.9.3&#8243; _module_preset=\u00bbdefault\u00bb custom_padding=\u00bb||51px|||\u00bb][\/et_pb_divider][et_pb_text _builder_version=\u00bb4.9.3&#8243; _module_preset=\u00bbdefault\u00bb custom_margin=\u00bb|62px||||\u00bb custom_padding=\u00bb0px|317px|16px|||\u00bb]<\/p>\n<h1><span style=\"font-family: inherit; font-weight: normal; font-size: large;\"><strong>COLECTIVO DESTINATARIO<\/strong><\/span><\/h1>\n<p>[\/et_pb_text][\/et_pb_column][et_pb_column type=\u00bb2_5&#8243; _builder_version=\u00bb4.9.3&#8243; _module_preset=\u00bbdefault\u00bb][et_pb_divider show_divider=\u00bboff\u00bb _builder_version=\u00bb4.9.3&#8243; _module_preset=\u00bbdefault\u00bb][\/et_pb_divider][et_pb_divider show_divider=\u00bboff\u00bb _builder_version=\u00bb4.9.3&#8243; _module_preset=\u00bbdefault\u00bb][\/et_pb_divider][et_pb_text _builder_version=\u00bb4.9.3&#8243; _module_preset=\u00bbdefault\u00bb animation_style=\u00bbzoom\u00bb]<\/p>\n<p><span>\u2714 Presidente<\/span><br \/><span>\u2714 Direcci\u00f3n<\/span><br \/><span>\u2714 Secretar\u00eda<\/span><\/p>\n<p>[\/et_pb_text][et_pb_text _builder_version=\u00bb4.9.3&#8243; _module_preset=\u00bbdefault\u00bb custom_padding=\u00bb||0px|||\u00bb animation_style=\u00bbslide\u00bb]<\/p>\n<p><span>\u2714 Direcci\u00f3n<\/span><br \/><span>\u2714 Coordinaci\u00f3n t\u00e9cnica<\/span><br \/><span>\u2714 T\u00e9cnicos<\/span><br \/><span>\u2714 Profesorado<\/span><br \/><span>\u2714 Voluntariado<\/span><\/p>\n<p>[\/et_pb_text][et_pb_text _builder_version=\u00bb4.9.3&#8243; _module_preset=\u00bbdefault\u00bb custom_padding=\u00bb||0px|||\u00bb animation_style=\u00bbslide\u00bb]<\/p>\n<p><span>\u2714 CIAIL: Centro Integral de Apoyo e Intermediaci\u00f3n Laboral<\/span><br \/><span>\u2714 AULARISIGN: Centro de Formaci\u00f3n HADA<\/span><br \/><span>\u2714CAMPUS ONLINE: Acciones formativas en campus online<\/span><br \/><span>\u2714 \u00c1REA JUR\u00cdDICA<\/span><\/p>\n<p>[\/et_pb_text][et_pb_text _builder_version=\u00bb4.9.3&#8243; _module_preset=\u00bbdefault\u00bb custom_padding=\u00bb||4px|||\u00bb]<\/p>\n<p><span>\u2714 Personas con discapacidad<\/span><br \/><span>\u2714 Personas en riesgo de exclusi\u00f3n social y especial vulnerabilidad<\/span><br \/><span>\u2714 Personas con necesidades educativas especiales<\/span><br \/><span>\u2714 Personas j\u00f3venes y mayores de 45 a\u00f1os<\/span><\/p>\n<p>[\/et_pb_text][\/et_pb_column][\/et_pb_row][\/et_pb_section]<\/p>\n","protected":false},"excerpt":{"rendered":"<p>FUNDACI\u00d3N GRUPO HADAEs una entidad de car\u00e1cter social que tiene como objetivo el desarrollo de proyectos integrales que mejoren la empleabilidad de las personas. Desarrollamos y disponemos de: Servicios de informaci\u00f3n y orientaci\u00f3n,\u00a0a personas desempleadas en b\u00fasqueda activa de empleo. Itinerarios laborales individualizados con orientaci\u00f3n, formaci\u00f3n e intermediaci\u00f3n:\u00a0mejoramos la empleabilidad de las personas.\u00a0 Somos\u00a0Agencia de [&hellip;]<\/p>\n","protected":false},"author":1,"featured_media":0,"parent":0,"menu_order":0,"comment_status":"closed","ping_status":"closed","template":"","meta":{"_et_pb_use_builder":"on","_et_pb_old_content":"","_et_gb_content_width":""},"_links":{"self":[{"href":"https:\/\/grupohada.org\/index.php?rest_route=\/wp\/v2\/pages\/523"}],"collection":[{"href":"https:\/\/grupohada.org\/index.php?rest_route=\/wp\/v2\/pages"}],"about":[{"href":"https:\/\/grupohada.org\/index.php?rest_route=\/wp\/v2\/types\/page"}],"author":[{"embeddable":true,"href":"https:\/\/grupohada.org\/index.php?rest_route=\/wp\/v2\/users\/1"}],"replies":[{"embeddable":true,"href":"https:\/\/grupohada.org\/index.php?rest_route=%2Fwp%2Fv2%2Fcomments&post=523"}],"version-history":[{"count":4,"href":"https:\/\/grupohada.org\/index.php?rest_route=\/wp\/v2\/pages\/523\/revisions"}],"predecessor-version":[{"id":673,"href":"https:\/\/grupohada.org\/index.php?rest_route=\/wp\/v2\/pages\/523\/revisions\/673"}],"wp:attachment":[{"href":"https:\/\/grupohada.org\/index.php?rest_route=%2Fwp%2Fv2%2Fmedia&parent=523"}],"curies":[{"name":"wp","href":"https:\/\/api.w.org\/{rel}","templated":true}]}}